{"id":26,"date":"2010-02-01T18:59:50","date_gmt":"2010-02-01T16:59:50","guid":{"rendered":"http:\/\/faq.kgyt.eu\/hu\/?p=26"},"modified":"2018-01-25T23:21:52","modified_gmt":"2018-01-25T21:21:52","slug":"nemzetkozi-nevnapok-bovitmeny-wordpress-hez","status":"publish","type":"page","link":"https:\/\/faq.kgyt.eu\/hu\/namedays\/","title":{"rendered":"Nemzetk\u00f6zi n\u00e9vnapok \u2013 b\u0151v\u00edtm\u00e9ny WordPress-hez"},"content":{"rendered":"<p><\/p>\n<h2>Le\u00edr\u00e1s<\/h2>\n<p>A b\u0151v\u00edtm\u00e9ny haszn\u00e1lat\u00e1val megjelen\u00edthet\u0151ek az orsz\u00e1gok n\u00e9vnapjai.<\/p>\n<p><!--more--><\/p>\n<p>K\u00e9rlek k\u00fcldj egy e-mailt, ha tetszik a plugin.<\/p>\n<h2>Kulcsszavak<\/h2>\n<p>n\u00e9vnap (hu), sv\u00e1tek (jmeniny) (cz), meniny (sk), imieniny (pl),<br \/>\n\t\tnavnedag (dk), namnsdag (se), navnedag (no), nameday (en)<\/p>\n<h2>Haszn\u00e1lat<\/h2>\n<p><code>kgyt_nameday( [DISPLAY], [COUNTRY], [TIMESTAMP] );<\/code><\/p>\n<dl>\n<dt>display (boolean)<\/dt>\n<dd>ha true (alap\u00e9rtelmezetten az), akkor a n\u00e9vnapot ki\u00edrja<\/dd>\n<dt>country (string)<\/dt>\n<dd>kiv\u00e1laszthat\u00f3 az orsz\u00e1g a k\u00f3dja szerint (hu, cz, sk, pl, dk, se, no)<\/dd>\n<dt>timestamp (int)<\/dt>\n<dd>a n\u00e9vnap napj\u00e1nak kiv\u00e1laszt\u00e1sa<\/dd>\n<\/dl>\n<h2>Haszn\u00e1lat bejegyz\u00e9sekben<\/h2>\n<p>Mai magyar n\u00e9vnap:<\/p>\n<p><code>&lt;!-- kgyt_nameday --&gt;<\/code><\/p>\n<p>vagy<\/p>\n<p>A mai n\u00e9vnap egy meghat\u00e1rozott orsz\u00e1gban:<\/p>\n<p><code>&lt;!-- kgyt_nameday COUNTRY --&gt;<\/code><\/p>\n<p>vagy<\/p>\n<p>A magyar n\u00e9vnap a megadott id\u0151pontban:<\/p>\n<p><code>&lt;!-- kgyt_nameday TIMESTAMP --&gt;<\/code><\/p>\n<p>vagy<\/p>\n<p>Teljesen testreszabott n\u00e9vnap:<\/p>\n<p><code>&lt;!-- kgyt_nameday COUNTRY TIMESTAMP --&gt;<\/code><\/p>\n<dl>\n<dt>country (string)<\/dt>\n<dd>kiv\u00e1laszthat\u00f3 az orsz\u00e1g a k\u00f3dja szerint (hu, cz, sk, pl, dk, se, no)<\/dd>\n<dt>timestamp (int)<\/dt>\n<dd>a n\u00e9vnap napj\u00e1nak kiv\u00e1laszt\u00e1sa<\/dd>\n<\/dl>\n<h2>P\u00e9ld\u00e1k<\/h2>\n<p>Ki\u00edrjuk a mai magyar n\u00e9vnapot:<\/p>\n<pre><span class=\"s_tag\">&lt;?php<\/span> <span class=\"s_func\">kgyt_nameday()<\/span>; <span class=\"s_tag\">?&gt;<\/span><\/pre>\n<p>V\u00e1ltoz\u00f3ba olvassuk a tegnapi sv\u00e9d n\u00e9vnapot:<\/p>\n<pre><span class=\"s_tag\">&lt;?php<\/span>\r\n  <span class=\"s_var\">$nameday<\/span> = <span class=\"s_func\">kgyt_nameday(<\/span> <span class=\"s_bool\">false<\/span>, <span class=\"s_str\">'se'<\/span>, <span class=\"s_func\">time()<\/span> - ( <span class=\"s_int\">3600<\/span> * <span class=\"s_int\">24<\/span> ) <span class=\"s_func\">)<\/span>;\r\n  <span class=\"s_func\">echo<\/span> <span class=\"s_var\">$nameday<\/span>;\r\n<span class=\"s_tag\">?&gt;<\/span><\/pre>\n<h2>Telep\u00edt\u00e9s WordPress-re<\/h2>\n<ol>\n<li>Kicsomagol\u00e1s<\/li>\n<li>Felt\u00f6lt\u00e9s a \/wp-content\/plugins\/ k\u00f6nyvt\u00e1rba<\/li>\n<li>A b\u0151v\u00edtm\u00e9ny aktiv\u00e1l\u00e1sa a WordPress &#8216;B\u0151v\u00edtm\u00e9ny&#8217; men\u00fcj\u00e9ben<\/li>\n<li>A fenti k\u00f3d elhelyez\u00e9se a sablonf\u00e1jlokban<\/li>\n<\/ol>\n<h2>Licensz<\/h2>\n<p>Ez a program szabad szoftver. Public Domain \u2013 k\u00f6zkincs.<br \/>\n\t\tEz a f\u00e1jl haszn\u00e1lhat\u00f3 a WordPress b\u0151v\u00edtm\u00e9nyek\u00e9nt, vagy m\u00e1s, kompatibilis keretben.<\/p>\n<h2>Changelog<\/h2>\n<p><strong>2.2:<\/strong> 2010. augusztus 18., szerda<br \/>\n\t\tHibajav\u00edt\u00e1s (a mai cseh n\u00e9vnap)<\/p>\n<p><strong>2.1:<\/strong> 2009. szeptember 17., cs\u00fct\u00f6rt\u00f6k<br \/>\n\t\tHibajav\u00edt\u00e1s (a mai n\u00e9vnap)<\/p>\n<p><strong>2.0:<\/strong> 2009. j\u00falius 8., szerda<br \/>\n\t\tM\u00e1sodik kiad\u00e1s (n\u00e9vnapok a hozz\u00e1sz\u00f3l\u00e1sokban is)<\/p>\n<p><strong>1.1:<\/strong> 2009. \u00e1prilis 4., szombat<br \/>\n\t\t\u00daj orsz\u00e1gok (cz, sk, dk, no)<\/p>\n<p><strong>1.0:<\/strong> 2009. \u00e1prilis 3., p\u00e9ntek<br \/>\n\t\tEls\u0151 verzi\u00f3 (hu, pl, se)<\/p>\n<h2>Let\u00f6lt\u00e9s<\/h2>\n<p>K\u00e9rlek a plugint a<br \/>\n\t\t<a href=\"http:\/\/wordpress.org\/extend\/plugins\/international-namedays\/\">WordPress Plugin Directory<\/a><br \/>\n\t\toldal\u00e1r\u00f3l t\u00f6ltsd le.<\/p>\n<p>Ha az oldal nem el\u00e9rhet\u0151, innen is let\u00f6lthet\u0151 a csomag:<br \/>\n\t\t<a href=\"http:\/\/static.kgyt.hu\/download\/namedays\/international-namedays.2.2.zip\">international-namedays.2.2.zip<\/a><\/p>\n<p><\/p>","protected":false},"excerpt":{"rendered":"<p>Le\u00edr\u00e1s A b\u0151v\u00edtm\u00e9ny haszn\u00e1lat\u00e1val megjelen\u00edthet\u0151ek az orsz\u00e1gok n\u00e9vnapjai.<\/p>\n","protected":false},"author":1,"featured_media":0,"parent":0,"menu_order":0,"comment_status":"open","ping_status":"open","template":"","meta":{"jetpack_post_was_ever_published":false,"footnotes":""},"class_list":["post-26","page","type-page","status-publish","hentry"],"jetpack_sharing_enabled":true,"jetpack_shortlink":"https:\/\/wp.me\/P7l1e3-q","_links":{"self":[{"href":"https:\/\/faq.kgyt.eu\/hu\/wp-json\/wp\/v2\/pages\/26","targetHints":{"allow":["GET"]}}],"collection":[{"href":"https:\/\/faq.kgyt.eu\/hu\/wp-json\/wp\/v2\/pages"}],"about":[{"href":"https:\/\/faq.kgyt.eu\/hu\/wp-json\/wp\/v2\/types\/page"}],"author":[{"embeddable":true,"href":"https:\/\/faq.kgyt.eu\/hu\/wp-json\/wp\/v2\/users\/1"}],"replies":[{"embeddable":true,"href":"https:\/\/faq.kgyt.eu\/hu\/wp-json\/wp\/v2\/comments?post=26"}],"version-history":[{"count":1,"href":"https:\/\/faq.kgyt.eu\/hu\/wp-json\/wp\/v2\/pages\/26\/revisions"}],"predecessor-version":[{"id":75,"href":"https:\/\/faq.kgyt.eu\/hu\/wp-json\/wp\/v2\/pages\/26\/revisions\/75"}],"wp:attachment":[{"href":"https:\/\/faq.kgyt.eu\/hu\/wp-json\/wp\/v2\/media?parent=26"}],"curies":[{"name":"wp","href":"https:\/\/api.w.org\/{rel}","templated":true}]}}